{"version":"1.0","provider_name":"QbiQ Wall Systems","provider_url":"https:\/\/www.qbiq.nl\/fr\/","author_name":"Rob Groen","author_url":"https:\/\/www.qbiq.nl\/fr\/author\/qbiq\/","title":"Visite de Cradle to Cradle Caf\u00e9 \u2018Built Positive\u2019 - QbiQ Wall Systems","type":"rich","width":600,"height":338,"html":"<blockquote class=\"wp-embedded-content\" data-secret=\"7wqMzaUIAD\"><a href=\"https:\/\/www.qbiq.nl\/fr\/visite-de-cradle-to-cradle-cafe-built-positive\/\">Visite de Cradle to Cradle Caf\u00e9 \u2018Built Positive\u2019<\/a><\/blockquote><iframe sandbox=\"allow-scripts\" security=\"restricted\" src=\"https:\/\/www.qbiq.nl\/fr\/visite-de-cradle-to-cradle-cafe-built-positive\/embed\/#?secret=7wqMzaUIAD\" width=\"600\" height=\"338\" title=\"\u00ab\u00a0Visite de Cradle to Cradle Caf\u00e9 \u2018Built Positive\u2019\u00a0\u00bb &#8212; QbiQ Wall Systems\" data-secret=\"7wqMzaUIAD\" frameborder=\"0\" marginwidth=\"0\" marginheight=\"0\" scrolling=\"no\" class=\"wp-embedded-content\"><\/iframe><script type=\"text\/javascript\">\n\/* <![CDATA[ *\/\n\/*! This file is auto-generated *\/\n!function(d,l){\"use strict\";l.querySelector&&d.addEventListener&&\"undefined\"!=typeof URL&&(d.wp=d.wp||{},d.wp.receiveEmbedMessage||(d.wp.receiveEmbedMessage=function(e){var t=e.data;if((t||t.secret||t.message||t.value)&&!\/[^a-zA-Z0-9]\/.test(t.secret)){for(var s,r,n,a=l.querySelectorAll('iframe[data-secret=\"'+t.secret+'\"]'),o=l.querySelectorAll('blockquote[data-secret=\"'+t.secret+'\"]'),c=new RegExp(\"^https?:$\",\"i\"),i=0;i<o.length;i++)o[i].style.display=\"none\";for(i=0;i<a.length;i++)s=a[i],e.source===s.contentWindow&&(s.removeAttribute(\"style\"),\"height\"===t.message?(1e3<(r=parseInt(t.value,10))?r=1e3:~~r<200&&(r=200),s.height=r):\"link\"===t.message&&(r=new URL(s.getAttribute(\"src\")),n=new URL(t.value),c.test(n.protocol))&&n.host===r.host&&l.activeElement===s&&(d.top.location.href=t.value))}},d.addEventListener(\"message\",d.wp.receiveEmbedMessage,!1),l.addEventListener(\"DOMContentLoaded\",function(){for(var e,t,s=l.querySelectorAll(\"iframe.wp-embedded-content\"),r=0;r<s.length;r++)(t=(e=s[r]).getAttribute(\"data-secret\"))||(t=Math.random().toString(36).substring(2,12),e.src+=\"#?secret=\"+t,e.setAttribute(\"data-secret\",t)),e.contentWindow.postMessage({message:\"ready\",secret:t},\"*\")},!1)))}(window,document);\n\/\/# sourceURL=https:\/\/www.qbiq.nl\/wp-includes\/js\/wp-embed.min.js\n\/* ]]> *\/\n<\/script>\n","thumbnail_url":"https:\/\/www.qbiq.nl\/wp-content\/uploads\/2017\/11\/DSC_0028.jpg","thumbnail_width":2048,"thumbnail_height":472,"description":"Le lundi 23 octobre des architectes se sont r\u00e9unis lors du Dutch Design Week et le s\u00e9minaire C2C \u00ab\u00a0C2C and Built Positive\u00a0\u00bb. L\u2019\u00e9l\u00e9ment central \u00e9tait le processus de penser, de concevoir et de prendre des initiatives au niveau du choix de mat\u00e9riel et de collaboration de mani\u00e8re diff\u00e9rente. Le but est de revendre et de..."}